{"id":24,"date":"2023-05-09T08:03:30","date_gmt":"2023-05-09T08:03:30","guid":{"rendered":"https:\/\/laferme.yourmindourwork.be\/?page_id=24"},"modified":"2025-07-23T12:22:03","modified_gmt":"2025-07-23T12:22:03","slug":"contact","status":"publish","type":"page","link":"https:\/\/www.lafermedarthur.be\/fr\/contact\/","title":{"rendered":"Contact"},"content":{"rendered":"<div class=\"bde-globalblock-24-100 bde-globalblock\"><section class=\"bde-section-51-100-51-1 bde-section bde-section-51-100\">\n  \n  \n\t\n\n\n\n<div class=\"section-container\"><h1 class=\"bde-heading-51-101-51-1 bde-heading bde-heading-51-101\">\nContact\n<\/h1><\/div>\n<\/section><\/div><section class=\"bde-section-24-101 bde-section\" data-entrance=\"slideUp\">\n  \n  \n\t\n\n\n\n<div class=\"section-container\"><div class=\"bde-columns-24-106 bde-columns\"><div class=\"bde-column-24-107 bde-column\">\n  \n  \n\t\n\n\n\n<h2 class=\"bde-heading-24-104 bde-heading\">\nAvez-vous d'autres questions concernant notre maison de vacances de luxe ?<br>Envoyez-nous un courrier \u00e9lectronique et nous vous r\u00e9pondrons dans les plus brefs d\u00e9lais.\n<\/h2><div class=\"bde-form-builder-24-105 bde-form-builder btn-form\">\n\n<form id=\"boekingsformulier105\" class=\"breakdance-form breakdance-form--vertical\" data-options=\"{&quot;slug&quot;:&quot;custom&quot;,&quot;name&quot;:&quot;Boekingsformulier&quot;,&quot;ajaxUrl&quot;:&quot;https:\\\/\\\/www.lafermedarthur.be\\\/wp-admin\\\/admin-ajax.php&quot;,&quot;clearOnSuccess&quot;:true,&quot;hideOnSuccess&quot;:false,&quot;successMessage&quot;:&quot;Wij hebben uw bericht goed ontvangen.&quot;,&quot;errorMessage&quot;:&quot;Iets ging verkeerd...&quot;,&quot;redirect&quot;:false,&quot;redirectUrl&quot;:&quot;&quot;,&quot;customJavaScript&quot;:&quot;&quot;,&quot;recaptcha&quot;:{&quot;key&quot;:&quot;6Ld1VdUmAAAAADS-6lJCOtFG5GURQdwaZ6DRmpJM&quot;,&quot;enabled&quot;:true},&quot;honeypot_enabled&quot;:true,&quot;popupsOnSuccess&quot;:[],&quot;popupsOnError&quot;:[]}\" data-steps=\"0\" action=\"\" >\n  \n  \n  \n<div class=\"breakdance-form-field breakdance-form-field--text\" >\n    \n    \n    \n    <input\n    class=\"breakdance-form-field__input\"\n    id=\"voornaam\"\n    aria-describedby=\"voornaam\"\n    type=\"text\"\n    name=\"fields[voornaam]\"\n    placeholder=\"Pr\u00e9nom*\"\n    value=\"\"\n                \n        \n        \n    required\n>\n\n\n    \n    \n<\/div>\n\n\n<div class=\"breakdance-form-field breakdance-form-field--text\" >\n    \n    \n    \n    <input\n    class=\"breakdance-form-field__input\"\n    id=\"achternaam\"\n    aria-describedby=\"achternaam\"\n    type=\"text\"\n    name=\"fields[achternaam]\"\n    placeholder=\"Nom de famille*\"\n    value=\"\"\n                \n        \n        \n    required\n>\n\n\n    \n    \n<\/div>\n\n\n<div class=\"breakdance-form-field breakdance-form-field--email\" >\n    \n    \n    \n    <input\n    class=\"breakdance-form-field__input\"\n    id=\"e-mailadres\"\n    aria-describedby=\"e-mailadres\"\n    type=\"email\"\n    name=\"fields[e-mailadres]\"\n    placeholder=\"Adresse \u00e9lectronique*\"\n    value=\"\"\n                \n        \n        \n    required\n>\n\n\n    \n    \n<\/div>\n\n\n<div class=\"breakdance-form-field breakdance-form-field--textarea\" >\n    \n    \n    \n    <textarea\n    class=\"breakdance-form-field__input\"\n    id=\"vraag\"\n    aria-describedby=\"vraag\"\n    type=\"textarea\"\n    name=\"fields[vraag]\"\n        rows=\"10\"\n        placeholder=\"Votre question*\"\n    required\n>\n<\/textarea>\n\n\n    \n    \n<\/div>\n\n\n<div class=\"breakdance-form-field breakdance-form-field--hpinput\" >\n    \n    \n            <label class=\"breakdance-form-field__label\" for=\"hpname\">\n            HP Name\n        <\/label>\n    \n    <input\n    class=\"breakdance-form-field__input\"\n    id=\"hpname\"\n    aria-describedby=\"hpname\"\n    type=\"hpinput\"\n    name=\"fields[hpname]\"\n    placeholder=\"\"\n    value=\"\"\n                \n        \n        \n    \n    autocomplete=\"off\"\n    tabindex=\"-1\"\n    \n>\n\n\n    \n    \n<\/div>\n\n\n  \n\n<div class=\"breakdance-form-field breakdance-form-footer\">\n    \n    \n                                    \n    \n    \n    \n    \n            \n            <button type=\"submit\" class=\"button-atom button-atom--primary breakdance-form-button breakdance-form-button__submit\"  >\n    \n        <span class=\"button-atom__text\">envoyer<\/span>\n\n        \n        \n            <\/button>\n    \n    <input type=\"hidden\" name=\"form_id\" value=\"105\">\n    <input type=\"hidden\" name=\"post_id\" value=\"24\">\n<\/div>\n\n  \n<input type=\"hidden\" name=\"trp-form-language\" value=\"fr\"\/><\/form>\n\n\n<\/div>\n<\/div><div class=\"bde-column-24-108 bde-column\">\n  \n  \n\t\n\n\n\n<h2 class=\"bde-heading-24-109 bde-heading\">\nLocalisation de<br>La Ferme d\u2019Arthur*\n<\/h2><div class=\"bde-rich-text-24-110 bde-rich-text breakdance-rich-text-styles\">\n<p>Rue des Loches 42, 6890 Smuid<\/p><p>*Ce g\u00eete spacieux se trouve \u00e0 moins de 5 km de l'autoroute E411. Tr\u00e8s bonne accessibilit\u00e9 mais suffisamment loin pour se retrouver dans une oasis de calme, c'est dire !<\/p><p><a href=\"mailto:info@fermedarthur.be\">info@fermedarthur.be<\/a><\/p><p><\/p>\n<\/div><div class=\"bde-social-icons-24-111 bde-social-icons\">\n                  \n            \n            \n\n    \n    \n    \n    \n    \n    <a class=\"breakdance-link bde-social-icons__icon-wrapper bde-social-icons__icon-instagram\" href=\"https:\/\/www.instagram.com\/\" target=\"_blank\" data-type=\"url\" aria-label=\"instagram\" >\n\n             <svg xmlns=\"http:\/\/www.w3.org\/2000\/svg\" width=\"100%\" viewbox=\"0 0 24 24\">\n            <path d=\"M12 2.163c3.204 0 3.584.012 4.85.07 3.252.148 4.771 1.691 4.919 4.919.058 1.265.069 1.645.069 4.849 0 3.205-.012 3.584-.069 4.849-.149 3.225-1.664 4.771-4.919 4.919-1.266.058-1.644.07-4.85.07-3.204 0-3.584-.012-4.849-.07-3.26-.149-4.771-1.699-4.919-4.92-.058-1.265-.07-1.644-.07-4.849 0-3.204.013-3.583.07-4.849.149-3.227 1.664-4.771 4.919-4.919 1.266-.057 1.645-.069 4.849-.069zm0-2.163c-3.259 0-3.667.014-4.947.072-4.358.2-6.78 2.618-6.98 6.98-.059 1.281-.073 1.689-.073 4.948 0 3.259.014 3.668.072 4.948.2 4.358 2.618 6.78 6.98 6.98 1.281.058 1.689.072 4.948.072 3.259 0 3.668-.014 4.948-.072 4.354-.2 6.782-2.618 6.979-6.98.059-1.28.073-1.689.073-4.948 0-3.259-.014-3.667-.072-4.947-.196-4.354-2.617-6.78-6.979-6.98-1.281-.059-1.69-.073-4.949-.073zm0 5.838c-3.403 0-6.162 2.759-6.162 6.162s2.759 6.163 6.162 6.163 6.162-2.759 6.162-6.163c0-3.403-2.759-6.162-6.162-6.162zm0 10.162c-2.209 0-4-1.79-4-4 0-2.209 1.791-4 4-4s4 1.791 4 4c0 2.21-1.791 4-4 4zm6.406-11.845c-.796 0-1.441.645-1.441 1.44s.645 1.44 1.441 1.44c.795 0 1.439-.645 1.439-1.44s-.644-1.44-1.439-1.44z\"\/>\n       <\/svg>\n              <\/a>\n\n    \n<\/div><div class=\"bde-google-map-24-112 bde-google-map\">\r\n<iframe width=\"100%\" height=\"100%\" style=\"border:0\" title=\"Map\" data-src=\"https:\/\/maps.google.com\/maps?q=Rue+des+Loches+42%2C+6890+Smuid&t=m&z=12&output=embed&iwloc=near\" allowfullscreen src=\"data:image\/svg+xml;base64,PHN2ZyB3aWR0aD0iMSIgaGVpZ2h0PSIxIiB4bWxucz0iaHR0cDovL3d3dy53My5vcmcvMjAwMC9zdmciPjwvc3ZnPg==\" class=\"lazyload\" data-load-mode=\"1\"><\/iframe>\n<\/div>\n<\/div><\/div><\/div>\n<\/section>","protected":false},"excerpt":{"rendered":"<p>Contact Heb je nog een vraag over ons luxe vakantiehuis?Mail ons en we antwoorden je zo snel mogelijk HP Name Versturen Ligging vanLa Ferme d\u2019Arthur* Rue des Loches 42, 6890 Smuid*Dit luxe vakantiehuis ligt op minder dan 5 km van de E411. Heel goede bereikbaarheid \u00e9n ver genoeg om er niets van te horen, dus!info@fermedarthur.be<\/p>","protected":false},"author":1,"featured_media":155,"parent":0,"menu_order":0,"comment_status":"closed","ping_status":"closed","template":"","meta":{"_monsterinsights_skip_tracking":false,"_monsterinsights_sitenote_active":false,"_monsterinsights_sitenote_note":"","_monsterinsights_sitenote_category":0,"_breakdance_hide_in_design_set":false,"_breakdance_tags":"","footnotes":""},"class_list":["post-24","page","type-page","status-publish","has-post-thumbnail","hentry"],"yoast_head":"<!-- This site is optimized with the Yoast SEO plugin v26.8 - https:\/\/yoast.com\/product\/yoast-seo-wordpress\/ -->\n<title>Luxe vakantiehuis | Villa Ardennen voor 14 personen m\u00e9t wellness<\/title>\n<meta name=\"description\" content=\"Luxe vakantiehuis met 8 aparte slaapkamers en 8 badkamers. Adembenemend 360\u00b0 zicht, hamam, sauna, kicker, 2 terrassen \u00e9n boordevol comfort.\" \/>\n<meta name=\"robots\" content=\"index, follow, max-snippet:-1, max-image-preview:large, max-video-preview:-1\" \/>\n<link rel=\"canonical\" href=\"https:\/\/www.lafermedarthur.be\/fr\/contact\/\" \/>\n<meta property=\"og:locale\" content=\"fr_FR\" \/>\n<meta property=\"og:type\" content=\"article\" \/>\n<meta property=\"og:title\" content=\"Luxe vakantiehuis | Villa Ardennen voor 14 personen m\u00e9t wellness\" \/>\n<meta property=\"og:description\" content=\"Luxe vakantiehuis met 8 aparte slaapkamers en 8 badkamers. Adembenemend 360\u00b0 zicht, hamam, sauna, kicker, 2 terrassen \u00e9n boordevol comfort.\" \/>\n<meta property=\"og:url\" content=\"https:\/\/www.lafermedarthur.be\/fr\/contact\/\" \/>\n<meta property=\"og:site_name\" content=\"La ferme d&#039;Arthur\" \/>\n<meta property=\"article:modified_time\" content=\"2025-07-23T12:22:03+00:00\" \/>\n<meta property=\"og:image\" content=\"https:\/\/www.lafermedarthur.be\/wp-content\/uploads\/2023\/06\/la-ferme-darthur-1.jpg\" \/>\n\t<meta property=\"og:image:width\" content=\"2373\" \/>\n\t<meta property=\"og:image:height\" content=\"1007\" \/>\n\t<meta property=\"og:image:type\" content=\"image\/jpeg\" \/>\n<meta name=\"twitter:card\" content=\"summary_large_image\" \/>\n<meta name=\"twitter:label1\" content=\"Dur\u00e9e de lecture est.\" \/>\n\t<meta name=\"twitter:data1\" content=\"1 minute\" \/>\n<script type=\"application\/ld+json\" class=\"yoast-schema-graph\">{\"@context\":\"https:\/\/schema.org\",\"@graph\":[{\"@type\":\"WebPage\",\"@id\":\"https:\/\/www.lafermedarthur.be\/contact\/\",\"url\":\"https:\/\/www.lafermedarthur.be\/contact\/\",\"name\":\"Luxe vakantiehuis | Villa Ardennen voor 14 personen m\u00e9t wellness\",\"isPartOf\":{\"@id\":\"https:\/\/www.lafermedarthur.be\/#website\"},\"primaryImageOfPage\":{\"@id\":\"https:\/\/www.lafermedarthur.be\/contact\/#primaryimage\"},\"image\":{\"@id\":\"https:\/\/www.lafermedarthur.be\/contact\/#primaryimage\"},\"thumbnailUrl\":\"https:\/\/www.lafermedarthur.be\/wp-content\/uploads\/2023\/06\/la-ferme-darthur-1.jpg\",\"datePublished\":\"2023-05-09T08:03:30+00:00\",\"dateModified\":\"2025-07-23T12:22:03+00:00\",\"description\":\"Luxe vakantiehuis met 8 aparte slaapkamers en 8 badkamers. Adembenemend 360\u00b0 zicht, hamam, sauna, kicker, 2 terrassen \u00e9n boordevol comfort.\",\"breadcrumb\":{\"@id\":\"https:\/\/www.lafermedarthur.be\/contact\/#breadcrumb\"},\"inLanguage\":\"fr-BE\",\"potentialAction\":[{\"@type\":\"ReadAction\",\"target\":[\"https:\/\/www.lafermedarthur.be\/contact\/\"]}]},{\"@type\":\"ImageObject\",\"inLanguage\":\"fr-BE\",\"@id\":\"https:\/\/www.lafermedarthur.be\/contact\/#primaryimage\",\"url\":\"https:\/\/www.lafermedarthur.be\/wp-content\/uploads\/2023\/06\/la-ferme-darthur-1.jpg\",\"contentUrl\":\"https:\/\/www.lafermedarthur.be\/wp-content\/uploads\/2023\/06\/la-ferme-darthur-1.jpg\",\"width\":2373,\"height\":1007},{\"@type\":\"BreadcrumbList\",\"@id\":\"https:\/\/www.lafermedarthur.be\/contact\/#breadcrumb\",\"itemListElement\":[{\"@type\":\"ListItem\",\"position\":1,\"name\":\"Home\",\"item\":\"https:\/\/www.lafermedarthur.be\/\"},{\"@type\":\"ListItem\",\"position\":2,\"name\":\"Contact\"}]},{\"@type\":\"WebSite\",\"@id\":\"https:\/\/www.lafermedarthur.be\/#website\",\"url\":\"https:\/\/www.lafermedarthur.be\/\",\"name\":\"La ferme d'Arthur\",\"description\":\"Vakantiehuis Ardennen voor 14 personen\",\"publisher\":{\"@id\":\"https:\/\/www.lafermedarthur.be\/#organization\"},\"potentialAction\":[{\"@type\":\"SearchAction\",\"target\":{\"@type\":\"EntryPoint\",\"urlTemplate\":\"https:\/\/www.lafermedarthur.be\/?s={search_term_string}\"},\"query-input\":{\"@type\":\"PropertyValueSpecification\",\"valueRequired\":true,\"valueName\":\"search_term_string\"}}],\"inLanguage\":\"fr-BE\"},{\"@type\":\"Organization\",\"@id\":\"https:\/\/www.lafermedarthur.be\/#organization\",\"name\":\"La ferme d'Arthur\",\"url\":\"https:\/\/www.lafermedarthur.be\/\",\"logo\":{\"@type\":\"ImageObject\",\"inLanguage\":\"fr-BE\",\"@id\":\"https:\/\/www.lafermedarthur.be\/#\/schema\/logo\/image\/\",\"url\":\"\",\"contentUrl\":\"\",\"caption\":\"La ferme d'Arthur\"},\"image\":{\"@id\":\"https:\/\/www.lafermedarthur.be\/#\/schema\/logo\/image\/\"},\"sameAs\":[\"https:\/\/www.instagram.com\/fermedarthur\/\"]}]}<\/script>\n<!-- \/ Yoast SEO plugin. -->","yoast_head_json":{"title":"Luxe vakantiehuis | Villa Ardennen voor 14 personen m\u00e9t wellness","description":"Luxe vakantiehuis met 8 aparte slaapkamers en 8 badkamers. Adembenemend 360\u00b0 zicht, hamam, sauna, kicker, 2 terrassen \u00e9n boordevol comfort.","robots":{"index":"index","follow":"follow","max-snippet":"max-snippet:-1","max-image-preview":"max-image-preview:large","max-video-preview":"max-video-preview:-1"},"canonical":"https:\/\/www.lafermedarthur.be\/fr\/contact\/","og_locale":"fr_FR","og_type":"article","og_title":"Luxe vakantiehuis | Villa Ardennen voor 14 personen m\u00e9t wellness","og_description":"Luxe vakantiehuis met 8 aparte slaapkamers en 8 badkamers. Adembenemend 360\u00b0 zicht, hamam, sauna, kicker, 2 terrassen \u00e9n boordevol comfort.","og_url":"https:\/\/www.lafermedarthur.be\/fr\/contact\/","og_site_name":"La ferme d&#039;Arthur","article_modified_time":"2025-07-23T12:22:03+00:00","og_image":[{"width":2373,"height":1007,"url":"https:\/\/www.lafermedarthur.be\/wp-content\/uploads\/2023\/06\/la-ferme-darthur-1.jpg","type":"image\/jpeg"}],"twitter_card":"summary_large_image","twitter_misc":{"Dur\u00e9e de lecture est.":"1 minute"},"schema":{"@context":"https:\/\/schema.org","@graph":[{"@type":"WebPage","@id":"https:\/\/www.lafermedarthur.be\/contact\/","url":"https:\/\/www.lafermedarthur.be\/contact\/","name":"Luxe vakantiehuis | Villa Ardennen voor 14 personen m\u00e9t wellness","isPartOf":{"@id":"https:\/\/www.lafermedarthur.be\/#website"},"primaryImageOfPage":{"@id":"https:\/\/www.lafermedarthur.be\/contact\/#primaryimage"},"image":{"@id":"https:\/\/www.lafermedarthur.be\/contact\/#primaryimage"},"thumbnailUrl":"https:\/\/www.lafermedarthur.be\/wp-content\/uploads\/2023\/06\/la-ferme-darthur-1.jpg","datePublished":"2023-05-09T08:03:30+00:00","dateModified":"2025-07-23T12:22:03+00:00","description":"Luxe vakantiehuis met 8 aparte slaapkamers en 8 badkamers. Adembenemend 360\u00b0 zicht, hamam, sauna, kicker, 2 terrassen \u00e9n boordevol comfort.","breadcrumb":{"@id":"https:\/\/www.lafermedarthur.be\/contact\/#breadcrumb"},"inLanguage":"fr-BE","potentialAction":[{"@type":"ReadAction","target":["https:\/\/www.lafermedarthur.be\/contact\/"]}]},{"@type":"ImageObject","inLanguage":"fr-BE","@id":"https:\/\/www.lafermedarthur.be\/contact\/#primaryimage","url":"https:\/\/www.lafermedarthur.be\/wp-content\/uploads\/2023\/06\/la-ferme-darthur-1.jpg","contentUrl":"https:\/\/www.lafermedarthur.be\/wp-content\/uploads\/2023\/06\/la-ferme-darthur-1.jpg","width":2373,"height":1007},{"@type":"BreadcrumbList","@id":"https:\/\/www.lafermedarthur.be\/contact\/#breadcrumb","itemListElement":[{"@type":"ListItem","position":1,"name":"Home","item":"https:\/\/www.lafermedarthur.be\/"},{"@type":"ListItem","position":2,"name":"Contact"}]},{"@type":"WebSite","@id":"https:\/\/www.lafermedarthur.be\/#website","url":"https:\/\/www.lafermedarthur.be\/","name":"La ferme d'Arthur","description":"G\u00eete de vacances Ardennes pour 14 personnes","publisher":{"@id":"https:\/\/www.lafermedarthur.be\/#organization"},"potentialAction":[{"@type":"SearchAction","target":{"@type":"EntryPoint","urlTemplate":"https:\/\/www.lafermedarthur.be\/?s={search_term_string}"},"query-input":{"@type":"PropertyValueSpecification","valueRequired":true,"valueName":"search_term_string"}}],"inLanguage":"fr-BE"},{"@type":"Organization","@id":"https:\/\/www.lafermedarthur.be\/#organization","name":"La ferme d'Arthur","url":"https:\/\/www.lafermedarthur.be\/","logo":{"@type":"ImageObject","inLanguage":"fr-BE","@id":"https:\/\/www.lafermedarthur.be\/#\/schema\/logo\/image\/","url":"","contentUrl":"","caption":"La ferme d'Arthur"},"image":{"@id":"https:\/\/www.lafermedarthur.be\/#\/schema\/logo\/image\/"},"sameAs":["https:\/\/www.instagram.com\/fermedarthur\/"]}]}},"_links":{"self":[{"href":"https:\/\/www.lafermedarthur.be\/fr\/wp-json\/wp\/v2\/pages\/24","targetHints":{"allow":["GET"]}}],"collection":[{"href":"https:\/\/www.lafermedarthur.be\/fr\/wp-json\/wp\/v2\/pages"}],"about":[{"href":"https:\/\/www.lafermedarthur.be\/fr\/wp-json\/wp\/v2\/types\/page"}],"author":[{"embeddable":true,"href":"https:\/\/www.lafermedarthur.be\/fr\/wp-json\/wp\/v2\/users\/1"}],"replies":[{"embeddable":true,"href":"https:\/\/www.lafermedarthur.be\/fr\/wp-json\/wp\/v2\/comments?post=24"}],"version-history":[{"count":7,"href":"https:\/\/www.lafermedarthur.be\/fr\/wp-json\/wp\/v2\/pages\/24\/revisions"}],"predecessor-version":[{"id":408,"href":"https:\/\/www.lafermedarthur.be\/fr\/wp-json\/wp\/v2\/pages\/24\/revisions\/408"}],"wp:featuredmedia":[{"embeddable":true,"href":"https:\/\/www.lafermedarthur.be\/fr\/wp-json\/wp\/v2\/media\/155"}],"wp:attachment":[{"href":"https:\/\/www.lafermedarthur.be\/fr\/wp-json\/wp\/v2\/media?parent=24"}],"curies":[{"name":"wp","href":"https:\/\/api.w.org\/{rel}","templated":true}]}}