{"id":18,"date":"2023-05-09T08:02:08","date_gmt":"2023-05-09T08:02:08","guid":{"rendered":"https:\/\/laferme.yourmindourwork.be\/?page_id=18"},"modified":"2026-01-23T14:22:15","modified_gmt":"2026-01-23T14:22:15","slug":"a-proximite","status":"publish","type":"page","link":"https:\/\/www.lafermedarthur.be\/fr\/a-proximite\/","title":{"rendered":"A proximit\u00e9"},"content":{"rendered":"<div class=\"bde-globalblock-18-100 bde-globalblock\"><section class=\"bde-section-51-100-51-1 bde-section bde-section-51-100\">\n  \n  \n\t\n\n\n\n<div class=\"section-container\"><h1 class=\"bde-heading-51-101-51-1 bde-heading bde-heading-51-101\">\nA proximit\u00e9\n<\/h1><\/div>\n<\/section><\/div><section class=\"bde-section-18-101 bde-section\" data-entrance=\"slideUp\" data-parallax=\"true\">\n  \n  \n\t\n\n\n\n<div class=\"section-container\"><div class=\"bde-columns-18-102 bde-columns\"><div class=\"bde-column-18-103 bde-column\">\n  \n  \n\t\n\n\n\n<div class=\"bde-text-18-104 bde-text\">\nA d\u00e9couvrir autour du g\u00eete : Saint-Hubert, Mirwart et bien plus encore !\n<\/div><div class=\"bde-rich-text-18-143 bde-rich-text breakdance-rich-text-styles\">\n<h2><strong>Chalet de luxe Ardennes : activit\u00e9s dans la r\u00e9gion<\/strong><\/h2>\n<\/div><h2 class=\"bde-heading-18-105 bde-heading\">\n\n<\/h2><div class=\"bde-text-18-106 bde-text\">\nPartez \u00e0 la d\u00e9couverte de la nature qu'offre cette r\u00e9gion pittoresque de premier plan. La palette de couleurs des vastes panoramas et des for\u00eats \u00e9merveille tout au long de l'ann\u00e9e. Des restaurants d\u00e9licieux, des villages inspirants et des \u00e9v\u00e9nements compl\u00e8tent le tout. \n<\/div>\n<\/div><div class=\"bde-column-18-107 bde-column\">\n  \n  \n\t\n\n\n\n<div class=\"bde-image-18-108 bde-image\">\n<figure class=\"breakdance-image breakdance-image--134\">\n\t<div class=\"breakdance-image-container\">\n\t\t<div class=\"breakdance-image-clip\"><img decoding=\"async\" class=\"breakdance-image-object lazyload\" data-src=\"https:\/\/www.lafermedarthur.be\/wp-content\/uploads\/2023\/06\/natuur-la-ferme-darthur.jpg\" width=\"962\" height=\"962\" data-srcset=\"https:\/\/www.lafermedarthur.be\/wp-content\/uploads\/2023\/06\/natuur-la-ferme-darthur.jpg 962w, https:\/\/www.lafermedarthur.be\/wp-content\/uploads\/2023\/06\/natuur-la-ferme-darthur-300x300.jpg 300w, https:\/\/www.lafermedarthur.be\/wp-content\/uploads\/2023\/06\/natuur-la-ferme-darthur-150x150.jpg 150w, https:\/\/www.lafermedarthur.be\/wp-content\/uploads\/2023\/06\/natuur-la-ferme-darthur-768x768.jpg 768w\" data-sizes=\"(max-width: 962px) 100vw, 962px\" src=\"data:image\/svg+xml;base64,PHN2ZyB3aWR0aD0iMSIgaGVpZ2h0PSIxIiB4bWxucz0iaHR0cDovL3d3dy53My5vcmcvMjAwMC9zdmciPjwvc3ZnPg==\" style=\"--smush-placeholder-width: 962px; --smush-placeholder-aspect-ratio: 962\/962;\"><\/div>\n\t<\/div><\/figure>\n\n<\/div>\n<\/div><\/div><\/div>\n<\/section><section class=\"bde-section-18-109 bde-section\" data-entrance=\"slideUp\">\n  \n  \n\t\n\n\n\n<div class=\"section-container\"><div class=\"bde-columns-18-110 bde-columns\"><div class=\"bde-column-18-111 bde-column\">\n  \n  \n\t\n\n\n\n<div class=\"bde-image-18-112 bde-image\">\n<figure class=\"breakdance-image breakdance-image--150\">\n\t<div class=\"breakdance-image-container\">\n\t\t<div class=\"breakdance-image-clip\"><img decoding=\"async\" class=\"breakdance-image-object lazyload\" data-src=\"https:\/\/www.lafermedarthur.be\/wp-content\/uploads\/2023\/06\/fietstochten-la-ferme-darthur.jpg\" width=\"1800\" height=\"1200\" data-srcset=\"https:\/\/www.lafermedarthur.be\/wp-content\/uploads\/2023\/06\/fietstochten-la-ferme-darthur.jpg 1800w, https:\/\/www.lafermedarthur.be\/wp-content\/uploads\/2023\/06\/fietstochten-la-ferme-darthur-300x200.jpg 300w, https:\/\/www.lafermedarthur.be\/wp-content\/uploads\/2023\/06\/fietstochten-la-ferme-darthur-1024x683.jpg 1024w, https:\/\/www.lafermedarthur.be\/wp-content\/uploads\/2023\/06\/fietstochten-la-ferme-darthur-768x512.jpg 768w, https:\/\/www.lafermedarthur.be\/wp-content\/uploads\/2023\/06\/fietstochten-la-ferme-darthur-1536x1024.jpg 1536w\" data-sizes=\"(max-width: 1800px) 100vw, 1800px\" src=\"data:image\/svg+xml;base64,PHN2ZyB3aWR0aD0iMSIgaGVpZ2h0PSIxIiB4bWxucz0iaHR0cDovL3d3dy53My5vcmcvMjAwMC9zdmciPjwvc3ZnPg==\" style=\"--smush-placeholder-width: 1800px; --smush-placeholder-aspect-ratio: 1800\/1200;\"><\/div>\n\t<\/div><\/figure>\n\n<\/div>\n<\/div><div class=\"bde-column-18-113 bde-column\">\n  \n  \n\t\n\n\n\n<h2 class=\"bde-heading-18-114 bde-heading\">\nCyclisme et randonn\u00e9e\n<\/h2><div class=\"bde-text-18-115 bde-text\">\nL'avantage de cette maison de vacances situ\u00e9e dans le paisible village forestier de Smuid, c'est qu'elle est facilement accessible par diff\u00e9rents itin\u00e9raires. D\u00e8s que vous franchissez la porte d'entr\u00e9e, vous \u00eates imm\u00e9diatement sur la route des randonn\u00e9es. La maison de vacances se trouve \u00e9galement \u00e0 proximit\u00e9 de plusieurs pistes cyclables et m\u00eame d'une piste de VTT. <br><br>Dans les environs de Libin, vous trouverez une vingtaine de promenades entre 5 et 10 kilom\u00e8tres. Un autre must ? Smuid est l'un des villages situ\u00e9s au milieu des for\u00eats de Saint-Hubert et borde \u00e9galement le domaine provincial de Mirwart. Promenez-vous dans l'une des plus belles for\u00eats belges et observez les fleurs de P\u00e2ques et les jacinthes des bois au printemps. \n<\/div>\n<\/div><\/div><\/div>\n<\/section><section class=\"bde-section-18-117 bde-section\" data-entrance=\"slideUp\">\n  \n  \n\t\n\n\n\n<div class=\"section-container\"><div class=\"bde-columns-18-118 bde-columns\"><div class=\"bde-column-18-119 bde-column\">\n  \n  \n\t\n\n\n\n<h2 class=\"bde-heading-18-124 bde-heading\">\nVillages pittoresques\n<\/h2><div class=\"bde-rich-text-18-141 bde-rich-text breakdance-rich-text-styles\">\n<p>Smuid est facilement accessible tout en \u00e9tant calme et entour\u00e9 de jolis villages. Comme Mirwart, qui peut se targuer d'\u00eatre l'un des Plus Beaux Villages de Wallonie. Les vieilles fermes ont conserv\u00e9 leur aspect d'antan et le ch\u00e2teau est \u00e0 juste titre class\u00e9 monument historique. Et le charmant village du livre de <a target=\"_blank\" href=\"https:\/\/www.redu-villagedulivre.be\/nl\/\">Redu<\/a> fait battre le c\u0153ur des amoureux de la lecture. N'oubliez pas de visiter Han-sur-Lesse, Lavaux-Saint-Anne, Bouillon... et tant d'autres endroits magnifiques. <\/p>\n<\/div>\n<\/div><\/div><\/div>\n<\/section><section class=\"bde-section-18-126 bde-section\" data-entrance=\"slideUp\" data-parallax=\"true\">\n  \n  \n\t\n\n\n\n<div class=\"section-container\"><div class=\"bde-columns-18-127 bde-columns\"><div class=\"bde-column-18-128 bde-column\">\n  \n  \n\t\n\n\n\n<h2 class=\"bde-heading-18-130 bde-heading\">\nManger, manger!\n<\/h2><div class=\"bde-rich-text-18-142 bde-rich-text breakdance-rich-text-styles\">\n<p>La gastronomie est au c\u0153ur de vos pr\u00e9occupations ? Le restaurant 2 \u00e9toiles <a target=\"_blank\" href=\"https:\/\/www.maximecollard.be\/la-table-de-maxime\/\">La Table de Maxime<\/a> ou le restaurant 1 \u00e9toile <a target=\"_blank\" href=\"https:\/\/www.le-gastronome.be\/nl\/\">Le Gastronome<\/a> sont faits pour vous. Au <a target=\"_blank\" href=\"https:\/\/www.chateaudemirwart.com\/\">Ch\u00e2teau de Mirwart<\/a> , le grand chef Nick Van den Broeck aspire \u00e9galement \u00e0 sa premi\u00e8re \u00e9toile Michelin. Vous pr\u00e9f\u00e9rez manger dans une bonne brasserie ? Nous vous donnerons volontiers d'autres conseils savoureux apr\u00e8s votre r\u00e9servation.<\/p>\n<\/div>\n<\/div><div class=\"bde-column-18-132 bde-column\">\n  \n  \n\t\n\n\n\n<div class=\"bde-image-18-133 bde-image\">\n<figure class=\"breakdance-image breakdance-image--151\">\n\t<div class=\"breakdance-image-container\">\n\t\t<div class=\"breakdance-image-clip\"><img decoding=\"async\" class=\"breakdance-image-object lazyload\" data-src=\"https:\/\/www.lafermedarthur.be\/wp-content\/uploads\/2023\/06\/culinair-eten-la-ferme-darthur.jpg\" width=\"1800\" height=\"1371\" data-srcset=\"https:\/\/www.lafermedarthur.be\/wp-content\/uploads\/2023\/06\/culinair-eten-la-ferme-darthur.jpg 1800w, https:\/\/www.lafermedarthur.be\/wp-content\/uploads\/2023\/06\/culinair-eten-la-ferme-darthur-300x229.jpg 300w, https:\/\/www.lafermedarthur.be\/wp-content\/uploads\/2023\/06\/culinair-eten-la-ferme-darthur-1024x780.jpg 1024w, https:\/\/www.lafermedarthur.be\/wp-content\/uploads\/2023\/06\/culinair-eten-la-ferme-darthur-768x585.jpg 768w, https:\/\/www.lafermedarthur.be\/wp-content\/uploads\/2023\/06\/culinair-eten-la-ferme-darthur-1536x1170.jpg 1536w\" data-sizes=\"(max-width: 1800px) 100vw, 1800px\" src=\"data:image\/svg+xml;base64,PHN2ZyB3aWR0aD0iMSIgaGVpZ2h0PSIxIiB4bWxucz0iaHR0cDovL3d3dy53My5vcmcvMjAwMC9zdmciPjwvc3ZnPg==\" style=\"--smush-placeholder-width: 1800px; --smush-placeholder-aspect-ratio: 1800\/1371;\"><\/div>\n\t<\/div><\/figure>\n\n<\/div>\n<\/div><\/div><\/div>\n<\/section><section class=\"bde-section-18-134 bde-section\" data-entrance=\"slideUp\">\n              \n  \n  \n\t\n\n  <div class=\"section-background-overlay\"><\/div>\n\n\n<div class=\"section-container\"><div class=\"bde-columns-18-135 bde-columns\"><div class=\"bde-column-18-136 bde-column\">\n  \n  \n\t\n\n\n\n<h2 class=\"bde-heading-18-137 bde-heading\">\nEt aussi ceci\n<\/h2><div class=\"bde-rich-text-18-138 bde-rich-text breakdance-rich-text-styles\">\n<p>Visitez une <a target=\"_blank\" href=\"https:\/\/inzofalle.be\/introductie\">ferme d'\u00e9levage de cerfs<\/a> ou de truites, ou chassez et p\u00eachez vous-m\u00eame : tout est possible. Et que dire de l' <a target=\"_blank\" href=\"https:\/\/www.eurospacecenter.be\/nl\/\">Eurospacecenter<\/a>? Dans ce seul et unique parc th\u00e9matique europ\u00e9en sur l'espace, vous en apprendrez plus sur les voyages spatiaux et la conqu\u00eate de l'espace. Des \u00e9v\u00e9nements anim\u00e9s tels que la F\u00eate du Livre \u00e0 Redu et la Foire de Libramont attirent toujours de nombreux visiteurs.<\/p><p>En toute saison, il fait bon vivre ici. \u00c0 l'ext\u00e9rieur comme \u00e0 l'int\u00e9rieur.<\/p>\n<\/div><div class=\"bde-text-18-139 bde-text\">\n\n<\/div><div class=\"bde-button-18-140 bde-button\">\n    \n                        \n                        \n    \n    \n    \n    \n            \n                    \n            \n            \n\n    \n    \n    \n    \n    \n    <a class=\"breakdance-link button-atom button-atom--primary bde-button__button\" href=\"\/fr\/la-maison\/\" target=\"_self\" data-type=\"url\"  >\n\n    \n        <span class=\"button-atom__text\">V\u00e9rifier toutes les installations \u00e0 l'int\u00e9rieur<\/span>\n\n        \n        \n                <\/a>\n\n    \n\n\n<\/div>\n<\/div><\/div><\/div>\n<\/section>","protected":false},"excerpt":{"rendered":"<p>In de buurt Ontdek rondom de g\u00eete: Saint-Hubert, Libin en zoveel meer! Luxe chalet Ardennen: activiteiten in de streek Trek erop uit in de natuur die deze schilderachtige topregio te bieden heeft. Het kleurenpalet van de weidse zichten \u00e9n bossen verbazen het hele jaar door. Verrukkelijke restaurants, inspirerende dorpen en evenementen maken het helemaal compleet. [&hellip;]<\/p>","protected":false},"author":1,"featured_media":155,"parent":0,"menu_order":0,"comment_status":"closed","ping_status":"closed","template":"","meta":{"_monsterinsights_skip_tracking":false,"_monsterinsights_sitenote_active":false,"_monsterinsights_sitenote_note":"","_monsterinsights_sitenote_category":0,"_breakdance_hide_in_design_set":false,"_breakdance_tags":"","footnotes":""},"class_list":["post-18","page","type-page","status-publish","has-post-thumbnail","hentry"],"yoast_head":"<!-- This site is optimized with the Yoast SEO plugin v26.8 - https:\/\/yoast.com\/product\/yoast-seo-wordpress\/ -->\n<title>Luxe chalet Ardennen | voor teambuildings | voor familie &amp; vrienden<\/title>\n<meta name=\"description\" content=\"Fietsen, wandelen en genieten van alles dat deze luxe chalet Ardennen te bieden heeft. Met hamam, sauna, 360\u00b0 uitzicht, vlotte wifi en veel comfort!\" \/>\n<meta name=\"robots\" content=\"index, follow, max-snippet:-1, max-image-preview:large, max-video-preview:-1\" \/>\n<link rel=\"canonical\" href=\"https:\/\/www.lafermedarthur.be\/fr\/a-proximite\/\" \/>\n<meta property=\"og:locale\" content=\"fr_FR\" \/>\n<meta property=\"og:type\" content=\"article\" \/>\n<meta property=\"og:title\" content=\"Luxe chalet Ardennen | voor teambuildings | voor familie &amp; vrienden\" \/>\n<meta property=\"og:description\" content=\"Fietsen, wandelen en genieten van alles dat deze luxe chalet Ardennen te bieden heeft. Met hamam, sauna, 360\u00b0 uitzicht, vlotte wifi en veel comfort!\" \/>\n<meta property=\"og:url\" content=\"https:\/\/www.lafermedarthur.be\/fr\/a-proximite\/\" \/>\n<meta property=\"og:site_name\" content=\"La ferme d&#039;Arthur\" \/>\n<meta property=\"article:modified_time\" content=\"2026-01-23T14:22:15+00:00\" \/>\n<meta property=\"og:image\" content=\"https:\/\/www.lafermedarthur.be\/wp-content\/uploads\/2023\/06\/la-ferme-darthur-1.jpg\" \/>\n\t<meta property=\"og:image:width\" content=\"2373\" \/>\n\t<meta property=\"og:image:height\" content=\"1007\" \/>\n\t<meta property=\"og:image:type\" content=\"image\/jpeg\" \/>\n<meta name=\"twitter:card\" content=\"summary_large_image\" \/>\n<meta name=\"twitter:label1\" content=\"Dur\u00e9e de lecture est.\" \/>\n\t<meta name=\"twitter:data1\" content=\"3 minutes\" \/>\n<script type=\"application\/ld+json\" class=\"yoast-schema-graph\">{\"@context\":\"https:\/\/schema.org\",\"@graph\":[{\"@type\":\"WebPage\",\"@id\":\"https:\/\/www.lafermedarthur.be\/in-de-buurt\/\",\"url\":\"https:\/\/www.lafermedarthur.be\/in-de-buurt\/\",\"name\":\"Luxe chalet Ardennen | voor teambuildings | voor familie & vrienden\",\"isPartOf\":{\"@id\":\"https:\/\/www.lafermedarthur.be\/#website\"},\"primaryImageOfPage\":{\"@id\":\"https:\/\/www.lafermedarthur.be\/in-de-buurt\/#primaryimage\"},\"image\":{\"@id\":\"https:\/\/www.lafermedarthur.be\/in-de-buurt\/#primaryimage\"},\"thumbnailUrl\":\"https:\/\/www.lafermedarthur.be\/wp-content\/uploads\/2023\/06\/la-ferme-darthur-1.jpg\",\"datePublished\":\"2023-05-09T08:02:08+00:00\",\"dateModified\":\"2026-01-23T14:22:15+00:00\",\"description\":\"Fietsen, wandelen en genieten van alles dat deze luxe chalet Ardennen te bieden heeft. Met hamam, sauna, 360\u00b0 uitzicht, vlotte wifi en veel comfort!\",\"breadcrumb\":{\"@id\":\"https:\/\/www.lafermedarthur.be\/in-de-buurt\/#breadcrumb\"},\"inLanguage\":\"fr-BE\",\"potentialAction\":[{\"@type\":\"ReadAction\",\"target\":[\"https:\/\/www.lafermedarthur.be\/in-de-buurt\/\"]}]},{\"@type\":\"ImageObject\",\"inLanguage\":\"fr-BE\",\"@id\":\"https:\/\/www.lafermedarthur.be\/in-de-buurt\/#primaryimage\",\"url\":\"https:\/\/www.lafermedarthur.be\/wp-content\/uploads\/2023\/06\/la-ferme-darthur-1.jpg\",\"contentUrl\":\"https:\/\/www.lafermedarthur.be\/wp-content\/uploads\/2023\/06\/la-ferme-darthur-1.jpg\",\"width\":2373,\"height\":1007},{\"@type\":\"BreadcrumbList\",\"@id\":\"https:\/\/www.lafermedarthur.be\/in-de-buurt\/#breadcrumb\",\"itemListElement\":[{\"@type\":\"ListItem\",\"position\":1,\"name\":\"Home\",\"item\":\"https:\/\/www.lafermedarthur.be\/\"},{\"@type\":\"ListItem\",\"position\":2,\"name\":\"In de buurt\"}]},{\"@type\":\"WebSite\",\"@id\":\"https:\/\/www.lafermedarthur.be\/#website\",\"url\":\"https:\/\/www.lafermedarthur.be\/\",\"name\":\"La ferme d'Arthur\",\"description\":\"Vakantiehuis Ardennen voor 14 personen\",\"publisher\":{\"@id\":\"https:\/\/www.lafermedarthur.be\/#organization\"},\"potentialAction\":[{\"@type\":\"SearchAction\",\"target\":{\"@type\":\"EntryPoint\",\"urlTemplate\":\"https:\/\/www.lafermedarthur.be\/?s={search_term_string}\"},\"query-input\":{\"@type\":\"PropertyValueSpecification\",\"valueRequired\":true,\"valueName\":\"search_term_string\"}}],\"inLanguage\":\"fr-BE\"},{\"@type\":\"Organization\",\"@id\":\"https:\/\/www.lafermedarthur.be\/#organization\",\"name\":\"La ferme d'Arthur\",\"url\":\"https:\/\/www.lafermedarthur.be\/\",\"logo\":{\"@type\":\"ImageObject\",\"inLanguage\":\"fr-BE\",\"@id\":\"https:\/\/www.lafermedarthur.be\/#\/schema\/logo\/image\/\",\"url\":\"\",\"contentUrl\":\"\",\"caption\":\"La ferme d'Arthur\"},\"image\":{\"@id\":\"https:\/\/www.lafermedarthur.be\/#\/schema\/logo\/image\/\"},\"sameAs\":[\"https:\/\/www.instagram.com\/fermedarthur\/\"]}]}<\/script>\n<!-- \/ Yoast SEO plugin. -->","yoast_head_json":{"title":"Luxe chalet Ardennen | voor teambuildings | voor familie & vrienden","description":"Fietsen, wandelen en genieten van alles dat deze luxe chalet Ardennen te bieden heeft. Met hamam, sauna, 360\u00b0 uitzicht, vlotte wifi en veel comfort!","robots":{"index":"index","follow":"follow","max-snippet":"max-snippet:-1","max-image-preview":"max-image-preview:large","max-video-preview":"max-video-preview:-1"},"canonical":"https:\/\/www.lafermedarthur.be\/fr\/a-proximite\/","og_locale":"fr_FR","og_type":"article","og_title":"Luxe chalet Ardennen | voor teambuildings | voor familie & vrienden","og_description":"Fietsen, wandelen en genieten van alles dat deze luxe chalet Ardennen te bieden heeft. Met hamam, sauna, 360\u00b0 uitzicht, vlotte wifi en veel comfort!","og_url":"https:\/\/www.lafermedarthur.be\/fr\/a-proximite\/","og_site_name":"La ferme d&#039;Arthur","article_modified_time":"2026-01-23T14:22:15+00:00","og_image":[{"width":2373,"height":1007,"url":"https:\/\/www.lafermedarthur.be\/wp-content\/uploads\/2023\/06\/la-ferme-darthur-1.jpg","type":"image\/jpeg"}],"twitter_card":"summary_large_image","twitter_misc":{"Dur\u00e9e de lecture est.":"3 minutes"},"schema":{"@context":"https:\/\/schema.org","@graph":[{"@type":"WebPage","@id":"https:\/\/www.lafermedarthur.be\/in-de-buurt\/","url":"https:\/\/www.lafermedarthur.be\/in-de-buurt\/","name":"Luxe chalet Ardennen | voor teambuildings | voor familie & vrienden","isPartOf":{"@id":"https:\/\/www.lafermedarthur.be\/#website"},"primaryImageOfPage":{"@id":"https:\/\/www.lafermedarthur.be\/in-de-buurt\/#primaryimage"},"image":{"@id":"https:\/\/www.lafermedarthur.be\/in-de-buurt\/#primaryimage"},"thumbnailUrl":"https:\/\/www.lafermedarthur.be\/wp-content\/uploads\/2023\/06\/la-ferme-darthur-1.jpg","datePublished":"2023-05-09T08:02:08+00:00","dateModified":"2026-01-23T14:22:15+00:00","description":"Fietsen, wandelen en genieten van alles dat deze luxe chalet Ardennen te bieden heeft. Met hamam, sauna, 360\u00b0 uitzicht, vlotte wifi en veel comfort!","breadcrumb":{"@id":"https:\/\/www.lafermedarthur.be\/in-de-buurt\/#breadcrumb"},"inLanguage":"fr-BE","potentialAction":[{"@type":"ReadAction","target":["https:\/\/www.lafermedarthur.be\/in-de-buurt\/"]}]},{"@type":"ImageObject","inLanguage":"fr-BE","@id":"https:\/\/www.lafermedarthur.be\/in-de-buurt\/#primaryimage","url":"https:\/\/www.lafermedarthur.be\/wp-content\/uploads\/2023\/06\/la-ferme-darthur-1.jpg","contentUrl":"https:\/\/www.lafermedarthur.be\/wp-content\/uploads\/2023\/06\/la-ferme-darthur-1.jpg","width":2373,"height":1007},{"@type":"BreadcrumbList","@id":"https:\/\/www.lafermedarthur.be\/in-de-buurt\/#breadcrumb","itemListElement":[{"@type":"ListItem","position":1,"name":"Home","item":"https:\/\/www.lafermedarthur.be\/"},{"@type":"ListItem","position":2,"name":"In de buurt"}]},{"@type":"WebSite","@id":"https:\/\/www.lafermedarthur.be\/#website","url":"https:\/\/www.lafermedarthur.be\/","name":"La ferme d'Arthur","description":"G\u00eete de vacances Ardennes pour 14 personnes","publisher":{"@id":"https:\/\/www.lafermedarthur.be\/#organization"},"potentialAction":[{"@type":"SearchAction","target":{"@type":"EntryPoint","urlTemplate":"https:\/\/www.lafermedarthur.be\/?s={search_term_string}"},"query-input":{"@type":"PropertyValueSpecification","valueRequired":true,"valueName":"search_term_string"}}],"inLanguage":"fr-BE"},{"@type":"Organization","@id":"https:\/\/www.lafermedarthur.be\/#organization","name":"La ferme d'Arthur","url":"https:\/\/www.lafermedarthur.be\/","logo":{"@type":"ImageObject","inLanguage":"fr-BE","@id":"https:\/\/www.lafermedarthur.be\/#\/schema\/logo\/image\/","url":"","contentUrl":"","caption":"La ferme d'Arthur"},"image":{"@id":"https:\/\/www.lafermedarthur.be\/#\/schema\/logo\/image\/"},"sameAs":["https:\/\/www.instagram.com\/fermedarthur\/"]}]}},"_links":{"self":[{"href":"https:\/\/www.lafermedarthur.be\/fr\/wp-json\/wp\/v2\/pages\/18","targetHints":{"allow":["GET"]}}],"collection":[{"href":"https:\/\/www.lafermedarthur.be\/fr\/wp-json\/wp\/v2\/pages"}],"about":[{"href":"https:\/\/www.lafermedarthur.be\/fr\/wp-json\/wp\/v2\/types\/page"}],"author":[{"embeddable":true,"href":"https:\/\/www.lafermedarthur.be\/fr\/wp-json\/wp\/v2\/users\/1"}],"replies":[{"embeddable":true,"href":"https:\/\/www.lafermedarthur.be\/fr\/wp-json\/wp\/v2\/comments?post=18"}],"version-history":[{"count":8,"href":"https:\/\/www.lafermedarthur.be\/fr\/wp-json\/wp\/v2\/pages\/18\/revisions"}],"predecessor-version":[{"id":564,"href":"https:\/\/www.lafermedarthur.be\/fr\/wp-json\/wp\/v2\/pages\/18\/revisions\/564"}],"wp:featuredmedia":[{"embeddable":true,"href":"https:\/\/www.lafermedarthur.be\/fr\/wp-json\/wp\/v2\/media\/155"}],"wp:attachment":[{"href":"https:\/\/www.lafermedarthur.be\/fr\/wp-json\/wp\/v2\/media?parent=18"}],"curies":[{"name":"wp","href":"https:\/\/api.w.org\/{rel}","templated":true}]}}